{"version":"1.0","provider_name":"Eglise N\u00e9o-Apostolique Kinshasa Ouest","provider_url":"https:\/\/ena-kinouest.net","author_name":"Richard Ndambo","author_url":"https:\/\/ena-kinouest.net\/index.php\/author\/rndambo\/","title":"Changement \u00e0 la direction de l\u2019\u00c9glise n\u00e9o-apostolique de la RD Congo Ouest - Eglise N\u00e9o-Apostolique Kinshasa Ouest","type":"rich","width":600,"height":338,"html":"<blockquote class=\"wp-embedded-content\" data-secret=\"VmNwvMFS9U\"><a href=\"https:\/\/ena-kinouest.net\/index.php\/2025\/07\/16\/changement-direction-neo-apostolique-congo-ouest\/\">Changement \u00e0 la direction de l\u2019\u00c9glise n\u00e9o-apostolique de la RD Congo Ouest<\/a><\/blockquote><iframe sandbox=\"allow-scripts\" security=\"restricted\" src=\"https:\/\/ena-kinouest.net\/index.php\/2025\/07\/16\/changement-direction-neo-apostolique-congo-ouest\/embed\/#?secret=VmNwvMFS9U\" width=\"600\" height=\"338\" title=\"\u00ab\u00a0Changement \u00e0 la direction de l\u2019\u00c9glise n\u00e9o-apostolique de la RD Congo Ouest\u00a0\u00bb &#8212; Eglise N\u00e9o-Apostolique Kinshasa Ouest\" data-secret=\"VmNwvMFS9U\" frameborder=\"0\" marginwidth=\"0\" marginheight=\"0\" scrolling=\"no\" class=\"wp-embedded-content\"><\/iframe><script>\n\/*! This file is auto-generated *\/\n!function(d,l){\"use strict\";l.querySelector&&d.addEventListener&&\"undefined\"!=typeof URL&&(d.wp=d.wp||{},d.wp.receiveEmbedMessage||(d.wp.receiveEmbedMessage=function(e){var t=e.data;if((t||t.secret||t.message||t.value)&&!\/[^a-zA-Z0-9]\/.test(t.secret)){for(var s,r,n,a=l.querySelectorAll('iframe[data-secret=\"'+t.secret+'\"]'),o=l.querySelectorAll('blockquote[data-secret=\"'+t.secret+'\"]'),c=new RegExp(\"^https?:$\",\"i\"),i=0;i<o.length;i++)o[i].style.display=\"none\";for(i=0;i<a.length;i++)s=a[i],e.source===s.contentWindow&&(s.removeAttribute(\"style\"),\"height\"===t.message?(1e3<(r=parseInt(t.value,10))?r=1e3:~~r<200&&(r=200),s.height=r):\"link\"===t.message&&(r=new URL(s.getAttribute(\"src\")),n=new URL(t.value),c.test(n.protocol))&&n.host===r.host&&l.activeElement===s&&(d.top.location.href=t.value))}},d.addEventListener(\"message\",d.wp.receiveEmbedMessage,!1),l.addEventListener(\"DOMContentLoaded\",function(){for(var e,t,s=l.querySelectorAll(\"iframe.wp-embedded-content\"),r=0;r<s.length;r++)(t=(e=s[r]).getAttribute(\"data-secret\"))||(t=Math.random().toString(36).substring(2,12),e.src+=\"#?secret=\"+t,e.setAttribute(\"data-secret\",t)),e.contentWindow.postMessage({message:\"ready\",secret:t},\"*\")},!1)))}(window,document);\n\/\/# sourceURL=https:\/\/ena-kinouest.net\/wp-includes\/js\/wp-embed.min.js\n<\/script>\n","thumbnail_url":"https:\/\/ena-kinouest.net\/wp-content\/uploads\/2025\/07\/apd-apda-taty-mukinda-michael-deppner.jpg","thumbnail_width":2400,"thumbnail_height":1600,"description":"La RD Congo Ouest s\u2019appr\u00eate \u00e0 vivre un moment marquant de son histoire \u00e0 l\u2019occasion de la prochaine visite de l\u2019Ap\u00f4tre-Patriarche Jean-Luc Schneider. En effet, l\u2019ap\u00f4tre de district Michael Deppner sera admis \u00e0 la retraite, et l\u2019Ap\u00f4tre de district adjoint Taty Mukinda lui succ\u00e9dera \u00e0 la t\u00eate de notre \u00c9glise territoriale. Une \u00c9glise territoriale jeune [&hellip;]"}