{"version":"1.0","provider_name":"Eglise N\u00e9o-Apostolique Kinshasa Ouest","provider_url":"https:\/\/ena-kinouest.net","author_name":"Richard Ndambo","author_url":"https:\/\/ena-kinouest.net\/index.php\/author\/rndambo\/","title":"La reconnaissance, notre plus bel uniforme pour la f\u00eate d\u2019actions de gr\u00e2ce - Eglise N\u00e9o-Apostolique Kinshasa Ouest","type":"rich","width":600,"height":338,"html":"<blockquote class=\"wp-embedded-content\" data-secret=\"0TbaZJcBae\"><a href=\"https:\/\/ena-kinouest.net\/index.php\/2025\/10\/04\/la-reconnaissance-preparation-fete-dactions-de-grace\/\">La reconnaissance, notre plus bel uniforme pour la f\u00eate d\u2019actions de gr\u00e2ce<\/a><\/blockquote><iframe sandbox=\"allow-scripts\" security=\"restricted\" src=\"https:\/\/ena-kinouest.net\/index.php\/2025\/10\/04\/la-reconnaissance-preparation-fete-dactions-de-grace\/embed\/#?secret=0TbaZJcBae\" width=\"600\" height=\"338\" title=\"\u00ab\u00a0La reconnaissance, notre plus bel uniforme pour la f\u00eate d\u2019actions de gr\u00e2ce\u00a0\u00bb &#8212; Eglise N\u00e9o-Apostolique Kinshasa Ouest\" data-secret=\"0TbaZJcBae\" frameborder=\"0\" marginwidth=\"0\" marginheight=\"0\" scrolling=\"no\" class=\"wp-embedded-content\"><\/iframe><script>\n\/*! This file is auto-generated *\/\n!function(d,l){\"use strict\";l.querySelector&&d.addEventListener&&\"undefined\"!=typeof URL&&(d.wp=d.wp||{},d.wp.receiveEmbedMessage||(d.wp.receiveEmbedMessage=function(e){var t=e.data;if((t||t.secret||t.message||t.value)&&!\/[^a-zA-Z0-9]\/.test(t.secret)){for(var s,r,n,a=l.querySelectorAll('iframe[data-secret=\"'+t.secret+'\"]'),o=l.querySelectorAll('blockquote[data-secret=\"'+t.secret+'\"]'),c=new RegExp(\"^https?:$\",\"i\"),i=0;i<o.length;i++)o[i].style.display=\"none\";for(i=0;i<a.length;i++)s=a[i],e.source===s.contentWindow&&(s.removeAttribute(\"style\"),\"height\"===t.message?(1e3<(r=parseInt(t.value,10))?r=1e3:~~r<200&&(r=200),s.height=r):\"link\"===t.message&&(r=new URL(s.getAttribute(\"src\")),n=new URL(t.value),c.test(n.protocol))&&n.host===r.host&&l.activeElement===s&&(d.top.location.href=t.value))}},d.addEventListener(\"message\",d.wp.receiveEmbedMessage,!1),l.addEventListener(\"DOMContentLoaded\",function(){for(var e,t,s=l.querySelectorAll(\"iframe.wp-embedded-content\"),r=0;r<s.length;r++)(t=(e=s[r]).getAttribute(\"data-secret\"))||(t=Math.random().toString(36).substring(2,12),e.src+=\"#?secret=\"+t,e.setAttribute(\"data-secret\",t)),e.contentWindow.postMessage({message:\"ready\",secret:t},\"*\")},!1)))}(window,document);\n\/\/# sourceURL=https:\/\/ena-kinouest.net\/wp-includes\/js\/wp-embed.min.js\n<\/script>\n","thumbnail_url":"https:\/\/ena-kinouest.net\/wp-content\/uploads\/2025\/10\/kin-ouest-apotre-rd.jpeg","thumbnail_width":2560,"thumbnail_height":1920,"description":"Le dimanche 05 octobre 2025, comme tous les chr\u00e9tiens n\u00e9o-apostoliques \u00e0 travers le monde, les fid\u00e8les du champ apostolique de Kinshasa Ouest, plac\u00e9 sous la direction de l\u2019Ap\u00f4tre Olivier Mbuyi, se rassembleront dans leurs communaut\u00e9s respectives pour le service divin d\u2019actions de gr\u00e2ce. Cette f\u00eate, l\u2019une des sept c\u00e9l\u00e9br\u00e9es chaque ann\u00e9e dans l\u2019\u00c9glise n\u00e9o-apostolique, est [&hellip;]"}